{"id":365,"date":"2024-01-30T18:58:00","date_gmt":"2024-01-30T21:58:00","guid":{"rendered":"https:\/\/wordpress-186467-4141383.cloudwaysapps.com\/?page_id=365"},"modified":"2025-03-18T16:31:10","modified_gmt":"2025-03-18T19:31:10","slug":"nivel-primario","status":"publish","type":"page","link":"https:\/\/colegiolamerced.edu.ar\/web\/nivel-primario\/","title":{"rendered":"Nivel Primario"},"content":{"rendered":"\t\t<div data-elementor-type=\"wp-page\" data-elementor-id=\"365\" class=\"elementor elementor-365\" data-elementor-post-type=\"page\">\n\t\t\t\t<div class=\"elementor-element elementor-element-3930b83b e-flex e-con-boxed e-con e-parent\" data-id=\"3930b83b\" data-element_type=\"container\" data-e-type=\"container\" data-settings=\"{&quot;background_background&quot;:&quot;classic&quot;,&quot;jet_parallax_layout_list&quot;:[]}\">\n\t\t\t\t\t<div class=\"e-con-inner\">\n\t\t<div class=\"elementor-element elementor-element-5ffee4af e-con-full e-flex e-con e-child\" data-id=\"5ffee4af\" data-element_type=\"container\" data-e-type=\"container\" data-settings=\"{&quot;jet_parallax_layout_list&quot;:[]}\">\n\t\t\t\t<div class=\"elementor-element elementor-element-95f8cdf elementor-widget elementor-widget-heading\" data-id=\"95f8cdf\" data-element_type=\"widget\" data-e-type=\"widget\" data-widget_type=\"heading.default\">\n\t\t\t\t<div class=\"elementor-widget-container\">\n\t\t\t\t\t<h2 class=\"elementor-heading-title elementor-size-default\">NIVEL<BR>\nPRIMARIO<\/h2>\t\t\t\t<\/div>\n\t\t\t\t<\/div>\n\t\t\t\t<\/div>\n\t\t<div class=\"elementor-element elementor-element-18f15dcc e-con-full e-flex e-con e-child\" data-id=\"18f15dcc\" data-element_type=\"container\" data-e-type=\"container\" data-settings=\"{&quot;jet_parallax_layout_list&quot;:[]}\">\n\t\t\t\t<\/div>\n\t\t\t\t\t<\/div>\n\t\t\t\t<\/div>\n\t\t<div class=\"elementor-element elementor-element-688f84b4 e-flex e-con-boxed e-con e-parent\" data-id=\"688f84b4\" data-element_type=\"container\" data-e-type=\"container\" data-settings=\"{&quot;jet_parallax_layout_list&quot;:[]}\">\n\t\t\t\t\t<div class=\"e-con-inner\">\n\t\t<div class=\"elementor-element elementor-element-25f28a17 e-con-full e-flex e-con e-child\" data-id=\"25f28a17\" data-element_type=\"container\" data-e-type=\"container\" data-settings=\"{&quot;jet_parallax_layout_list&quot;:[]}\">\n\t\t\t\t<div class=\"elementor-element elementor-element-3eb65736 elementor-widget elementor-widget-text-editor\" data-id=\"3eb65736\" data-element_type=\"widget\" data-e-type=\"widget\" data-widget_type=\"text-editor.default\">\n\t\t\t\t<div class=\"elementor-widget-container\">\n\t\t\t\t\t\t\t\t\t<p><span style=\"font-weight: 400;\">Bienvenidos a la secci\u00f3n dedicada al Nivel Primario de nuestro colegio, donde el compromiso con la excelencia educativa se traduce en un entorno enriquecedor para nuestros estudiantes m\u00e1s j\u00f3venes. A trav\u00e9s de nuestro Proyecto Pedag\u00f3gico, buscamos cultivar el aprendizaje de manera din\u00e1mica, adapt\u00e1ndonos a las necesidades individuales de cada ni\u00f1o en esta etapa tan importante de su desarrollo acad\u00e9mico.<br \/><br \/>Adem\u00e1s, ofrecemos Talleres de Extensi\u00f3n como oportunidades adicionales, permitiendo a los estudiantes explorar sus intereses y desarrollar habilidades espec\u00edficas en un ambiente estimulante y participativo.<br \/><br \/>A trav\u00e9s de nuestros Comunicados, mantenemos a las familias informadas sobre eventos, actividades y logros, fortaleciendo la conexi\u00f3n activa entre la escuela y el hogar.<br \/><br \/>En el Nivel Primario de nuestro colegio, cada d\u00eda es una nueva oportunidad de aprendizaje y crecimiento. Nos esforzamos por crear un ambiente educativo inspirador que prepare a los estudiantes para un futuro acad\u00e9mico s\u00f3lido y una vida llena de descubrimientos.<br \/><br \/><strong>\u00a1Bienvenidos a una emocionante traves\u00eda educativa en el Nivel Primario!<\/strong><\/span><\/p>\t\t\t\t\t\t\t\t<\/div>\n\t\t\t\t<\/div>\n\t\t<div class=\"elementor-element elementor-element-b4fd784 e-con-full e-flex e-con e-child\" data-id=\"b4fd784\" data-element_type=\"container\" data-e-type=\"container\" data-settings=\"{&quot;jet_parallax_layout_list&quot;:[]}\">\n\t\t<div class=\"elementor-element elementor-element-2a4c2d3 e-con-full e-flex e-con e-child\" data-id=\"2a4c2d3\" data-element_type=\"container\" data-e-type=\"container\" data-settings=\"{&quot;jet_parallax_layout_list&quot;:[]}\">\n\t\t\t\t<div class=\"elementor-element elementor-element-78cd9380 elementor-position-inline-start elementor-mobile-position-inline-start elementor-widget-laptop__width-initial elementor-view-default elementor-widget elementor-widget-icon-box\" data-id=\"78cd9380\" data-element_type=\"widget\" data-e-type=\"widget\" data-widget_type=\"icon-box.default\">\n\t\t\t\t<div class=\"elementor-widget-container\">\n\t\t\t\t\t\t\t<div class=\"elementor-icon-box-wrapper\">\n\n\t\t\t\t\t\t<div class=\"elementor-icon-box-icon\">\n\t\t\t\t<a href=\"https:\/\/colegiolamerced.edu.ar\/web\/wp-content\/uploads\/2024\/02\/proyecto-pedagogico-primaria.pdf\" target=\"_blank\" class=\"elementor-icon\" tabindex=\"-1\" aria-label=\"Descargar proyecto pedag\u00f3gico\">\n\t\t\t\t<svg aria-hidden=\"true\" class=\"e-font-icon-svg e-far-arrow-alt-circle-right\" viewBox=\"0 0 512 512\" xmlns=\"http:\/\/www.w3.org\/2000\/svg\"><path d=\"M504 256C504 119 393 8 256 8S8 119 8 256s111 248 248 248 248-111 248-248zm-448 0c0-110.5 89.5-200 200-200s200 89.5 200 200-89.5 200-200 200S56 366.5 56 256zm72 20v-40c0-6.6 5.4-12 12-12h116v-67c0-10.7 12.9-16 20.5-8.5l99 99c4.7 4.7 4.7 12.3 0 17l-99 99c-7.6 7.6-20.5 2.2-20.5-8.5v-67H140c-6.6 0-12-5.4-12-12z\"><\/path><\/svg>\t\t\t\t<\/a>\n\t\t\t<\/div>\n\t\t\t\n\t\t\t\t\t\t<div class=\"elementor-icon-box-content\">\n\n\t\t\t\t\t\t\t\t\t<h3 class=\"elementor-icon-box-title\">\n\t\t\t\t\t\t<a href=\"https:\/\/colegiolamerced.edu.ar\/web\/wp-content\/uploads\/2024\/02\/proyecto-pedagogico-primaria.pdf\" target=\"_blank\" >\n\t\t\t\t\t\t\tDescargar proyecto pedag\u00f3gico\t\t\t\t\t\t<\/a>\n\t\t\t\t\t<\/h3>\n\t\t\t\t\n\t\t\t\t\n\t\t\t<\/div>\n\t\t\t\n\t\t<\/div>\n\t\t\t\t\t\t<\/div>\n\t\t\t\t<\/div>\n\t\t\t\t<\/div>\n\t\t<div class=\"elementor-element elementor-element-d7c74ab e-con-full e-flex e-con e-child\" data-id=\"d7c74ab\" data-element_type=\"container\" data-e-type=\"container\" data-settings=\"{&quot;jet_parallax_layout_list&quot;:[]}\">\n\t\t\t\t<div class=\"elementor-element elementor-element-ac5ddda elementor-position-inline-start elementor-mobile-position-inline-start elementor-widget__width-initial elementor-widget-mobile__width-initial elementor-widget-laptop__width-initial elementor-view-default elementor-widget elementor-widget-icon-box\" data-id=\"ac5ddda\" data-element_type=\"widget\" data-e-type=\"widget\" data-widget_type=\"icon-box.default\">\n\t\t\t\t<div class=\"elementor-widget-container\">\n\t\t\t\t\t\t\t<div class=\"elementor-icon-box-wrapper\">\n\n\t\t\t\t\t\t<div class=\"elementor-icon-box-icon\">\n\t\t\t\t<a href=\"https:\/\/colegiolamerced.edu.ar\/primario\/\" target=\"_blank\" class=\"elementor-icon\" tabindex=\"-1\" aria-label=\"Descargar IPE (Informe de Progreso Escolar)\">\n\t\t\t\t<svg aria-hidden=\"true\" class=\"e-font-icon-svg e-far-arrow-alt-circle-right\" viewBox=\"0 0 512 512\" xmlns=\"http:\/\/www.w3.org\/2000\/svg\"><path d=\"M504 256C504 119 393 8 256 8S8 119 8 256s111 248 248 248 248-111 248-248zm-448 0c0-110.5 89.5-200 200-200s200 89.5 200 200-89.5 200-200 200S56 366.5 56 256zm72 20v-40c0-6.6 5.4-12 12-12h116v-67c0-10.7 12.9-16 20.5-8.5l99 99c4.7 4.7 4.7 12.3 0 17l-99 99c-7.6 7.6-20.5 2.2-20.5-8.5v-67H140c-6.6 0-12-5.4-12-12z\"><\/path><\/svg>\t\t\t\t<\/a>\n\t\t\t<\/div>\n\t\t\t\n\t\t\t\t\t\t<div class=\"elementor-icon-box-content\">\n\n\t\t\t\t\t\t\t\t\t<h3 class=\"elementor-icon-box-title\">\n\t\t\t\t\t\t<a href=\"https:\/\/colegiolamerced.edu.ar\/primario\/\" target=\"_blank\" >\n\t\t\t\t\t\t\tDescargar IPE (Informe de Progreso Escolar)\t\t\t\t\t\t<\/a>\n\t\t\t\t\t<\/h3>\n\t\t\t\t\n\t\t\t\t\n\t\t\t<\/div>\n\t\t\t\n\t\t<\/div>\n\t\t\t\t\t\t<\/div>\n\t\t\t\t<\/div>\n\t\t\t\t<\/div>\n\t\t\t\t<\/div>\n\t\t<div class=\"elementor-element elementor-element-682300d e-con-full e-flex e-con e-child\" data-id=\"682300d\" data-element_type=\"container\" data-e-type=\"container\" data-settings=\"{&quot;jet_parallax_layout_list&quot;:[]}\">\n\t\t\t\t<div class=\"elementor-element elementor-element-63e30bc elementor-position-inline-start elementor-mobile-position-inline-start elementor-widget-laptop__width-initial elementor-view-default elementor-widget elementor-widget-icon-box\" data-id=\"63e30bc\" data-element_type=\"widget\" data-e-type=\"widget\" data-widget_type=\"icon-box.default\">\n\t\t\t\t<div class=\"elementor-widget-container\">\n\t\t\t\t\t\t\t<div class=\"elementor-icon-box-wrapper\">\n\n\t\t\t\t\t\t<div class=\"elementor-icon-box-icon\">\n\t\t\t\t<a href=\"https:\/\/drive.google.com\/file\/d\/1dgqMznhUrypzYjf3fJIG8AUHdHS6aAMk\/view?usp=sharing\" target=\"_blank\" class=\"elementor-icon\" tabindex=\"-1\" aria-label=\"Descargar Acta Compromiso Escuela - Familia\">\n\t\t\t\t<svg aria-hidden=\"true\" class=\"e-font-icon-svg e-far-arrow-alt-circle-right\" viewBox=\"0 0 512 512\" xmlns=\"http:\/\/www.w3.org\/2000\/svg\"><path d=\"M504 256C504 119 393 8 256 8S8 119 8 256s111 248 248 248 248-111 248-248zm-448 0c0-110.5 89.5-200 200-200s200 89.5 200 200-89.5 200-200 200S56 366.5 56 256zm72 20v-40c0-6.6 5.4-12 12-12h116v-67c0-10.7 12.9-16 20.5-8.5l99 99c4.7 4.7 4.7 12.3 0 17l-99 99c-7.6 7.6-20.5 2.2-20.5-8.5v-67H140c-6.6 0-12-5.4-12-12z\"><\/path><\/svg>\t\t\t\t<\/a>\n\t\t\t<\/div>\n\t\t\t\n\t\t\t\t\t\t<div class=\"elementor-icon-box-content\">\n\n\t\t\t\t\t\t\t\t\t<h3 class=\"elementor-icon-box-title\">\n\t\t\t\t\t\t<a href=\"https:\/\/drive.google.com\/file\/d\/1dgqMznhUrypzYjf3fJIG8AUHdHS6aAMk\/view?usp=sharing\" target=\"_blank\" >\n\t\t\t\t\t\t\tDescargar Acta Compromiso Escuela - Familia\t\t\t\t\t\t<\/a>\n\t\t\t\t\t<\/h3>\n\t\t\t\t\n\t\t\t\t\n\t\t\t<\/div>\n\t\t\t\n\t\t<\/div>\n\t\t\t\t\t\t<\/div>\n\t\t\t\t<\/div>\n\t\t\t\t<div class=\"elementor-element elementor-element-9628c3f elementor-widget-divider--view-line elementor-widget elementor-widget-divider\" data-id=\"9628c3f\" data-element_type=\"widget\" data-e-type=\"widget\" data-widget_type=\"divider.default\">\n\t\t\t\t<div class=\"elementor-widget-container\">\n\t\t\t\t\t\t\t<div class=\"elementor-divider\">\n\t\t\t<span class=\"elementor-divider-separator\">\n\t\t\t\t\t\t<\/span>\n\t\t<\/div>\n\t\t\t\t\t\t<\/div>\n\t\t\t\t<\/div>\n\t\t\t\t<div class=\"elementor-element elementor-element-d8dd2e3 elementor-position-inline-start elementor-mobile-position-inline-start elementor-widget-laptop__width-initial elementor-view-default elementor-widget elementor-widget-icon-box\" data-id=\"d8dd2e3\" data-element_type=\"widget\" data-e-type=\"widget\" data-widget_type=\"icon-box.default\">\n\t\t\t\t<div class=\"elementor-widget-container\">\n\t\t\t\t\t\t\t<div class=\"elementor-icon-box-wrapper\">\n\n\t\t\t\t\t\t<div class=\"elementor-icon-box-icon\">\n\t\t\t\t<a href=\"https:\/\/drive.google.com\/file\/d\/1Mv5Yzi2tjc9-hjytMsqy8xVm8k5H5WiI\/view?usp=sharing\" target=\"_blank\" class=\"elementor-icon\" tabindex=\"-1\" aria-label=\"Formulario de Inscripci\u00f3n Nivel Primario\">\n\t\t\t\t<svg aria-hidden=\"true\" class=\"e-font-icon-svg e-far-arrow-alt-circle-right\" viewBox=\"0 0 512 512\" xmlns=\"http:\/\/www.w3.org\/2000\/svg\"><path d=\"M504 256C504 119 393 8 256 8S8 119 8 256s111 248 248 248 248-111 248-248zm-448 0c0-110.5 89.5-200 200-200s200 89.5 200 200-89.5 200-200 200S56 366.5 56 256zm72 20v-40c0-6.6 5.4-12 12-12h116v-67c0-10.7 12.9-16 20.5-8.5l99 99c4.7 4.7 4.7 12.3 0 17l-99 99c-7.6 7.6-20.5 2.2-20.5-8.5v-67H140c-6.6 0-12-5.4-12-12z\"><\/path><\/svg>\t\t\t\t<\/a>\n\t\t\t<\/div>\n\t\t\t\n\t\t\t\t\t\t<div class=\"elementor-icon-box-content\">\n\n\t\t\t\t\t\t\t\t\t<h3 class=\"elementor-icon-box-title\">\n\t\t\t\t\t\t<a href=\"https:\/\/drive.google.com\/file\/d\/1Mv5Yzi2tjc9-hjytMsqy8xVm8k5H5WiI\/view?usp=sharing\" target=\"_blank\" >\n\t\t\t\t\t\t\tFormulario de Inscripci\u00f3n Nivel Primario\t\t\t\t\t\t<\/a>\n\t\t\t\t\t<\/h3>\n\t\t\t\t\n\t\t\t\t\n\t\t\t<\/div>\n\t\t\t\n\t\t<\/div>\n\t\t\t\t\t\t<\/div>\n\t\t\t\t<\/div>\n\t\t\t\t<\/div>\n\t\t\t\t<\/div>\n\t\t\t\t\t<\/div>\n\t\t\t\t<\/div>\n\t\t<div class=\"elementor-element elementor-element-3ddca251 e-con-full e-flex e-con e-parent\" data-id=\"3ddca251\" data-element_type=\"container\" data-e-type=\"container\" data-settings=\"{&quot;background_background&quot;:&quot;classic&quot;,&quot;jet_parallax_layout_list&quot;:[]}\">\n\t\t\t\t<div class=\"elementor-element elementor-element-21aa92f7 elementor-widget elementor-widget-image-carousel\" data-id=\"21aa92f7\" data-element_type=\"widget\" data-e-type=\"widget\" data-settings=\"{&quot;slides_to_show&quot;:&quot;4&quot;,&quot;navigation&quot;:&quot;none&quot;,&quot;lazyload&quot;:&quot;yes&quot;,&quot;autoplay_speed&quot;:2000,&quot;speed&quot;:600,&quot;autoplay&quot;:&quot;yes&quot;,&quot;pause_on_hover&quot;:&quot;yes&quot;,&quot;pause_on_interaction&quot;:&quot;yes&quot;,&quot;infinite&quot;:&quot;yes&quot;}\" data-widget_type=\"image-carousel.default\">\n\t\t\t\t<div class=\"elementor-widget-container\">\n\t\t\t\t\t\t\t<div class=\"elementor-image-carousel-wrapper swiper\" role=\"region\" aria-roledescription=\"carousel\" aria-label=\"Carrusel de im\u00e1genes\" dir=\"ltr\">\n\t\t\t<div class=\"elementor-image-carousel swiper-wrapper\" aria-live=\"off\">\n\t\t\t\t\t\t\t\t<div class=\"swiper-slide\" role=\"group\" aria-roledescription=\"slide\" aria-label=\"1 of 4\"><a data-elementor-open-lightbox=\"yes\" data-elementor-lightbox-slideshow=\"21aa92f7\" data-elementor-lightbox-title=\"Fernando Sydor\" data-e-action-hash=\"#elementor-action%3Aaction%3Dlightbox%26settings%3DeyJpZCI6NDQwLCJ1cmwiOiJodHRwczpcL1wvY29sZWdpb2xhbWVyY2VkLmVkdS5hclwvd2ViXC93cC1jb250ZW50XC91cGxvYWRzXC8yMDI0XC8wMVwvSU1HXzY2MDMuanBnIiwic2xpZGVzaG93IjoiMjFhYTkyZjcifQ%3D%3D\" href=\"https:\/\/colegiolamerced.edu.ar\/web\/wp-content\/uploads\/2024\/01\/IMG_6603.jpg\"><figure class=\"swiper-slide-inner\"><img class=\"swiper-slide-image swiper-lazy\" data-src=\"https:\/\/colegiolamerced.edu.ar\/web\/wp-content\/uploads\/2024\/01\/IMG_6603.jpg\" alt=\"Fernando Sydor\" \/><div class=\"swiper-lazy-preloader\"><\/div><\/figure><\/a><\/div><div class=\"swiper-slide\" role=\"group\" aria-roledescription=\"slide\" aria-label=\"2 of 4\"><a data-elementor-open-lightbox=\"yes\" data-elementor-lightbox-slideshow=\"21aa92f7\" data-elementor-lightbox-title=\"Fernando Sydor\" data-e-action-hash=\"#elementor-action%3Aaction%3Dlightbox%26settings%3DeyJpZCI6NDQxLCJ1cmwiOiJodHRwczpcL1wvY29sZWdpb2xhbWVyY2VkLmVkdS5hclwvd2ViXC93cC1jb250ZW50XC91cGxvYWRzXC8yMDI0XC8wMVwvSU1HXzY1OTEuanBnIiwic2xpZGVzaG93IjoiMjFhYTkyZjcifQ%3D%3D\" href=\"https:\/\/colegiolamerced.edu.ar\/web\/wp-content\/uploads\/2024\/01\/IMG_6591.jpg\"><figure class=\"swiper-slide-inner\"><img class=\"swiper-slide-image swiper-lazy\" data-src=\"https:\/\/colegiolamerced.edu.ar\/web\/wp-content\/uploads\/2024\/01\/IMG_6591.jpg\" alt=\"Fernando Sydor\" \/><div class=\"swiper-lazy-preloader\"><\/div><\/figure><\/a><\/div><div class=\"swiper-slide\" role=\"group\" aria-roledescription=\"slide\" aria-label=\"3 of 4\"><a data-elementor-open-lightbox=\"yes\" data-elementor-lightbox-slideshow=\"21aa92f7\" data-elementor-lightbox-title=\"Fernando Sydor\" data-e-action-hash=\"#elementor-action%3Aaction%3Dlightbox%26settings%3DeyJpZCI6NDQyLCJ1cmwiOiJodHRwczpcL1wvY29sZWdpb2xhbWVyY2VkLmVkdS5hclwvd2ViXC93cC1jb250ZW50XC91cGxvYWRzXC8yMDI0XC8wMVwvSU1HXzY1OTQuanBnIiwic2xpZGVzaG93IjoiMjFhYTkyZjcifQ%3D%3D\" href=\"https:\/\/colegiolamerced.edu.ar\/web\/wp-content\/uploads\/2024\/01\/IMG_6594.jpg\"><figure class=\"swiper-slide-inner\"><img class=\"swiper-slide-image swiper-lazy\" data-src=\"https:\/\/colegiolamerced.edu.ar\/web\/wp-content\/uploads\/2024\/01\/IMG_6594.jpg\" alt=\"Fernando Sydor\" \/><div class=\"swiper-lazy-preloader\"><\/div><\/figure><\/a><\/div><div class=\"swiper-slide\" role=\"group\" aria-roledescription=\"slide\" aria-label=\"4 of 4\"><a data-elementor-open-lightbox=\"yes\" data-elementor-lightbox-slideshow=\"21aa92f7\" data-elementor-lightbox-title=\"DSC_8742\" data-e-action-hash=\"#elementor-action%3Aaction%3Dlightbox%26settings%3DeyJpZCI6NDQzLCJ1cmwiOiJodHRwczpcL1wvY29sZWdpb2xhbWVyY2VkLmVkdS5hclwvd2ViXC93cC1jb250ZW50XC91cGxvYWRzXC8yMDI0XC8wMVwvRFNDXzg3NDItc2NhbGVkLmpwZyIsInNsaWRlc2hvdyI6IjIxYWE5MmY3In0%3D\" href=\"https:\/\/colegiolamerced.edu.ar\/web\/wp-content\/uploads\/2024\/01\/DSC_8742-scaled.jpg\"><figure class=\"swiper-slide-inner\"><img class=\"swiper-slide-image swiper-lazy\" data-src=\"https:\/\/colegiolamerced.edu.ar\/web\/wp-content\/uploads\/2024\/01\/DSC_8742-scaled.jpg\" alt=\"DSC_8742\" \/><div class=\"swiper-lazy-preloader\"><\/div><\/figure><\/a><\/div>\t\t\t<\/div>\n\t\t\t\t\t\t\t\n\t\t\t\t\t\t\t\t\t<\/div>\n\t\t\t\t\t\t<\/div>\n\t\t\t\t<\/div>\n\t\t\t\t<\/div>\n\t\t<div class=\"elementor-element elementor-element-85a563f e-flex e-con-boxed e-con e-parent\" data-id=\"85a563f\" data-element_type=\"container\" data-e-type=\"container\" data-settings=\"{&quot;background_background&quot;:&quot;classic&quot;,&quot;jet_parallax_layout_list&quot;:[]}\">\n\t\t\t\t\t<div class=\"e-con-inner\">\n\t\t<div class=\"elementor-element elementor-element-e477d22 e-con-full e-flex e-con e-child\" data-id=\"e477d22\" data-element_type=\"container\" data-e-type=\"container\" data-settings=\"{&quot;jet_parallax_layout_list&quot;:[]}\">\n\t\t\t\t<div class=\"elementor-element elementor-element-eab9551 elementor-widget elementor-widget-heading\" data-id=\"eab9551\" data-element_type=\"widget\" data-e-type=\"widget\" data-widget_type=\"heading.default\">\n\t\t\t\t<div class=\"elementor-widget-container\">\n\t\t\t\t\t<h2 class=\"elementor-heading-title elementor-size-default\">TALLERES DE EXTENSI\u00d3N<\/h2>\t\t\t\t<\/div>\n\t\t\t\t<\/div>\n\t\t\t\t<\/div>\n\t\t\t\t\t<\/div>\n\t\t\t\t<\/div>\n\t\t<div class=\"elementor-element elementor-element-323dd22 e-flex e-con-boxed e-con e-parent\" data-id=\"323dd22\" data-element_type=\"container\" data-e-type=\"container\" data-settings=\"{&quot;background_background&quot;:&quot;classic&quot;,&quot;jet_parallax_layout_list&quot;:[]}\">\n\t\t\t\t\t<div class=\"e-con-inner\">\n\t\t<div class=\"elementor-element elementor-element-98e7b34 e-con-full e-flex e-con e-child\" data-id=\"98e7b34\" data-element_type=\"container\" data-e-type=\"container\" data-settings=\"{&quot;jet_parallax_layout_list&quot;:[]}\">\n\t\t\t\t<div class=\"elementor-element elementor-element-16440d7 elementor-view-default elementor-widget elementor-widget-icon\" data-id=\"16440d7\" data-element_type=\"widget\" data-e-type=\"widget\" data-widget_type=\"icon.default\">\n\t\t\t\t<div class=\"elementor-widget-container\">\n\t\t\t\t\t\t\t<div class=\"elementor-icon-wrapper\">\n\t\t\t<div class=\"elementor-icon\">\n\t\t\t<svg aria-hidden=\"true\" class=\"e-font-icon-svg e-fas-code-branch\" viewBox=\"0 0 384 512\" xmlns=\"http:\/\/www.w3.org\/2000\/svg\"><path d=\"M384 144c0-44.2-35.8-80-80-80s-80 35.8-80 80c0 36.4 24.3 67.1 57.5 76.8-.6 16.1-4.2 28.5-11 36.9-15.4 19.2-49.3 22.4-85.2 25.7-28.2 2.6-57.4 5.4-81.3 16.9v-144c32.5-10.2 56-40.5 56-76.3 0-44.2-35.8-80-80-80S0 35.8 0 80c0 35.8 23.5 66.1 56 76.3v199.3C23.5 365.9 0 396.2 0 432c0 44.2 35.8 80 80 80s80-35.8 80-80c0-34-21.2-63.1-51.2-74.6 3.1-5.2 7.8-9.8 14.9-13.4 16.2-8.2 40.4-10.4 66.1-12.8 42.2-3.9 90-8.4 118.2-43.4 14-17.4 21.1-39.8 21.6-67.9 31.6-10.8 54.4-40.7 54.4-75.9zM80 64c8.8 0 16 7.2 16 16s-7.2 16-16 16-16-7.2-16-16 7.2-16 16-16zm0 384c-8.8 0-16-7.2-16-16s7.2-16 16-16 16 7.2 16 16-7.2 16-16 16zm224-320c8.8 0 16 7.2 16 16s-7.2 16-16 16-16-7.2-16-16 7.2-16 16-16z\"><\/path><\/svg>\t\t\t<\/div>\n\t\t<\/div>\n\t\t\t\t\t\t<\/div>\n\t\t\t\t<\/div>\n\t\t\t\t<div class=\"elementor-element elementor-element-c4a13fc elementor-widget elementor-widget-heading\" data-id=\"c4a13fc\" data-element_type=\"widget\" data-e-type=\"widget\" data-widget_type=\"heading.default\">\n\t\t\t\t<div class=\"elementor-widget-container\">\n\t\t\t\t\t<h2 class=\"elementor-heading-title elementor-size-default\">Inform\u00e1tica<\/h2>\t\t\t\t<\/div>\n\t\t\t\t<\/div>\n\t\t\t\t<\/div>\n\t\t<div class=\"elementor-element elementor-element-4c798b6 e-con-full e-flex e-con e-child\" data-id=\"4c798b6\" data-element_type=\"container\" data-e-type=\"container\" data-settings=\"{&quot;jet_parallax_layout_list&quot;:[]}\">\n\t\t\t\t<div class=\"elementor-element elementor-element-ac49601 elementor-view-default elementor-widget elementor-widget-icon\" data-id=\"ac49601\" data-element_type=\"widget\" data-e-type=\"widget\" data-widget_type=\"icon.default\">\n\t\t\t\t<div class=\"elementor-widget-container\">\n\t\t\t\t\t\t\t<div class=\"elementor-icon-wrapper\">\n\t\t\t<div class=\"elementor-icon\">\n\t\t\t<svg aria-hidden=\"true\" class=\"e-font-icon-svg e-fas-paint-brush\" viewBox=\"0 0 512 512\" xmlns=\"http:\/\/www.w3.org\/2000\/svg\"><path d=\"M167.02 309.34c-40.12 2.58-76.53 17.86-97.19 72.3-2.35 6.21-8 9.98-14.59 9.98-11.11 0-45.46-27.67-55.25-34.35C0 439.62 37.93 512 128 512c75.86 0 128-43.77 128-120.19 0-3.11-.65-6.08-.97-9.13l-88.01-73.34zM457.89 0c-15.16 0-29.37 6.71-40.21 16.45C213.27 199.05 192 203.34 192 257.09c0 13.7 3.25 26.76 8.73 38.7l63.82 53.18c7.21 1.8 14.64 3.03 22.39 3.03 62.11 0 98.11-45.47 211.16-256.46 7.38-14.35 13.9-29.85 13.9-45.99C512 20.64 486 0 457.89 0z\"><\/path><\/svg>\t\t\t<\/div>\n\t\t<\/div>\n\t\t\t\t\t\t<\/div>\n\t\t\t\t<\/div>\n\t\t\t\t<div class=\"elementor-element elementor-element-34110ab elementor-widget elementor-widget-heading\" data-id=\"34110ab\" data-element_type=\"widget\" data-e-type=\"widget\" data-widget_type=\"heading.default\">\n\t\t\t\t<div class=\"elementor-widget-container\">\n\t\t\t\t\t<h2 class=\"elementor-heading-title elementor-size-default\">Arte<\/h2>\t\t\t\t<\/div>\n\t\t\t\t<\/div>\n\t\t\t\t<\/div>\n\t\t<div class=\"elementor-element elementor-element-bc81984 e-con-full e-flex e-con e-child\" data-id=\"bc81984\" data-element_type=\"container\" data-e-type=\"container\" data-settings=\"{&quot;jet_parallax_layout_list&quot;:[]}\">\n\t\t\t\t<div class=\"elementor-element elementor-element-e50187f elementor-view-default elementor-widget elementor-widget-icon\" data-id=\"e50187f\" data-element_type=\"widget\" data-e-type=\"widget\" data-widget_type=\"icon.default\">\n\t\t\t\t<div class=\"elementor-widget-container\">\n\t\t\t\t\t\t\t<div class=\"elementor-icon-wrapper\">\n\t\t\t<div class=\"elementor-icon\">\n\t\t\t<svg aria-hidden=\"true\" class=\"e-font-icon-svg e-fas-comments\" viewBox=\"0 0 576 512\" xmlns=\"http:\/\/www.w3.org\/2000\/svg\"><path d=\"M416 192c0-88.4-93.1-160-208-160S0 103.6 0 192c0 34.3 14.1 65.9 38 92-13.4 30.2-35.5 54.2-35.8 54.5-2.2 2.3-2.8 5.7-1.5 8.7S4.8 352 8 352c36.6 0 66.9-12.3 88.7-25 32.2 15.7 70.3 25 111.3 25 114.9 0 208-71.6 208-160zm122 220c23.9-26 38-57.7 38-92 0-66.9-53.5-124.2-129.3-148.1.9 6.6 1.3 13.3 1.3 20.1 0 105.9-107.7 192-240 192-10.8 0-21.3-.8-31.7-1.9C207.8 439.6 281.8 480 368 480c41 0 79.1-9.2 111.3-25 21.8 12.7 52.1 25 88.7 25 3.2 0 6.1-1.9 7.3-4.8 1.3-2.9.7-6.3-1.5-8.7-.3-.3-22.4-24.2-35.8-54.5z\"><\/path><\/svg>\t\t\t<\/div>\n\t\t<\/div>\n\t\t\t\t\t\t<\/div>\n\t\t\t\t<\/div>\n\t\t\t\t<div class=\"elementor-element elementor-element-974af49 elementor-widget elementor-widget-heading\" data-id=\"974af49\" data-element_type=\"widget\" data-e-type=\"widget\" data-widget_type=\"heading.default\">\n\t\t\t\t<div class=\"elementor-widget-container\">\n\t\t\t\t\t<h2 class=\"elementor-heading-title elementor-size-default\">Cambridge<\/h2>\t\t\t\t<\/div>\n\t\t\t\t<\/div>\n\t\t\t\t<\/div>\n\t\t\t\t\t<\/div>\n\t\t\t\t<\/div>\n\t\t<div class=\"elementor-element elementor-element-44f060f7 e-flex e-con-boxed e-con e-parent\" data-id=\"44f060f7\" data-element_type=\"container\" data-e-type=\"container\" data-settings=\"{&quot;jet_parallax_layout_list&quot;:[]}\">\n\t\t\t\t\t<div class=\"e-con-inner\">\n\t\t<div class=\"elementor-element elementor-element-5250f6c6 e-con-full e-flex e-con e-child\" data-id=\"5250f6c6\" data-element_type=\"container\" data-e-type=\"container\" data-settings=\"{&quot;jet_parallax_layout_list&quot;:[]}\">\n\t\t\t\t<div class=\"elementor-element elementor-element-199cef00 elementor-widget elementor-widget-heading\" data-id=\"199cef00\" data-element_type=\"widget\" data-e-type=\"widget\" data-widget_type=\"heading.default\">\n\t\t\t\t<div class=\"elementor-widget-container\">\n\t\t\t\t\t<h2 class=\"elementor-heading-title elementor-size-default\">COMUNICADOS<\/h2>\t\t\t\t<\/div>\n\t\t\t\t<\/div>\n\t\t\t\t<div class=\"elementor-element elementor-element-cf58b7b elementor-widget-divider--view-line elementor-widget elementor-widget-divider\" data-id=\"cf58b7b\" data-element_type=\"widget\" data-e-type=\"widget\" data-widget_type=\"divider.default\">\n\t\t\t\t<div class=\"elementor-widget-container\">\n\t\t\t\t\t\t\t<div class=\"elementor-divider\">\n\t\t\t<span class=\"elementor-divider-separator\">\n\t\t\t\t\t\t<\/span>\n\t\t<\/div>\n\t\t\t\t\t\t<\/div>\n\t\t\t\t<\/div>\n\t\t\t\t<\/div>\n\t\t\t\t<div class=\"elementor-element elementor-element-2a5195f4 elementor-grid-3 elementor-grid-tablet-2 elementor-grid-mobile-1 elementor-posts--thumbnail-top elementor-card-shadow-yes elementor-posts__hover-gradient elementor-widget elementor-widget-posts\" data-id=\"2a5195f4\" data-element_type=\"widget\" data-e-type=\"widget\" data-settings=\"{&quot;cards_columns&quot;:&quot;3&quot;,&quot;cards_columns_tablet&quot;:&quot;2&quot;,&quot;cards_columns_mobile&quot;:&quot;1&quot;,&quot;cards_row_gap&quot;:{&quot;unit&quot;:&quot;px&quot;,&quot;size&quot;:35,&quot;sizes&quot;:[]},&quot;cards_row_gap_laptop&quot;:{&quot;unit&quot;:&quot;px&quot;,&quot;size&quot;:&quot;&quot;,&quot;sizes&quot;:[]},&quot;cards_row_gap_tablet&quot;:{&quot;unit&quot;:&quot;px&quot;,&quot;size&quot;:&quot;&quot;,&quot;sizes&quot;:[]},&quot;cards_row_gap_mobile&quot;:{&quot;unit&quot;:&quot;px&quot;,&quot;size&quot;:&quot;&quot;,&quot;sizes&quot;:[]}}\" data-widget_type=\"posts.cards\">\n\t\t\t\t<div class=\"elementor-widget-container\">\n\t\t\t\t\t\t\t<div class=\"elementor-posts-container elementor-posts elementor-posts--skin-cards elementor-grid\" role=\"list\">\n\t\t\t\t<article class=\"elementor-post elementor-grid-item post-1095 post type-post status-publish format-standard has-post-thumbnail hentry category-nivel-secundario\" role=\"listitem\">\n\t\t\t<div class=\"elementor-post__card\">\n\t\t\t\t<a class=\"elementor-post__thumbnail__link\" href=\"https:\/\/colegiolamerced.edu.ar\/web\/comunicado-secundario\/\" tabindex=\"-1\" ><div class=\"elementor-post__thumbnail\"><img fetchpriority=\"high\" decoding=\"async\" width=\"1433\" height=\"2150\" src=\"https:\/\/colegiolamerced.edu.ar\/web\/wp-content\/uploads\/2024\/01\/IMG_6197.jpg\" class=\"attachment-full size-full wp-image-422\" alt=\"\" srcset=\"https:\/\/colegiolamerced.edu.ar\/web\/wp-content\/uploads\/2024\/01\/IMG_6197.jpg 1433w, https:\/\/colegiolamerced.edu.ar\/web\/wp-content\/uploads\/2024\/01\/IMG_6197-200x300.jpg 200w, https:\/\/colegiolamerced.edu.ar\/web\/wp-content\/uploads\/2024\/01\/IMG_6197-683x1024.jpg 683w, https:\/\/colegiolamerced.edu.ar\/web\/wp-content\/uploads\/2024\/01\/IMG_6197-768x1152.jpg 768w, https:\/\/colegiolamerced.edu.ar\/web\/wp-content\/uploads\/2024\/01\/IMG_6197-1024x1536.jpg 1024w, https:\/\/colegiolamerced.edu.ar\/web\/wp-content\/uploads\/2024\/01\/IMG_6197-1365x2048.jpg 1365w\" sizes=\"(max-width: 1433px) 100vw, 1433px\" \/><\/div><\/a>\n\t\t\t\t<div class=\"elementor-post__text\">\n\t\t\t\t<h3 class=\"elementor-post__title\">\n\t\t\t<a href=\"https:\/\/colegiolamerced.edu.ar\/web\/comunicado-secundario\/\" >\n\t\t\t\tComunicado Secundario\t\t\t<\/a>\n\t\t<\/h3>\n\t\t\t\t<div class=\"elementor-post__excerpt\">\n\t\t\t<p>TURNO DE EXAMENES-ABRIL 2026<\/p>\n\t\t<\/div>\n\t\t\n\t\t<a class=\"elementor-post__read-more\" href=\"https:\/\/colegiolamerced.edu.ar\/web\/comunicado-secundario\/\" aria-label=\"Read more about Comunicado Secundario\" tabindex=\"-1\" >\n\t\t\tLeer m\u00e1s \u00bb\t\t<\/a>\n\n\t\t\t\t<\/div>\n\t\t\t\t<div class=\"elementor-post__meta-data\">\n\t\t\t\t\t<span class=\"elementor-post-date\">\n\t\t\t16\/04\/2024\t\t<\/span>\n\t\t\t\t<\/div>\n\t\t\t\t\t<\/div>\n\t\t<\/article>\n\t\t\t\t<article class=\"elementor-post elementor-grid-item post-1093 post type-post status-publish format-standard has-post-thumbnail hentry category-nivel-inicial\" role=\"listitem\">\n\t\t\t<div class=\"elementor-post__card\">\n\t\t\t\t<a class=\"elementor-post__thumbnail__link\" href=\"https:\/\/colegiolamerced.edu.ar\/web\/comunicado-inicial\/\" tabindex=\"-1\" ><div class=\"elementor-post__thumbnail\"><img decoding=\"async\" width=\"1433\" height=\"2150\" src=\"https:\/\/colegiolamerced.edu.ar\/web\/wp-content\/uploads\/2024\/01\/IMG_6494.jpg\" class=\"attachment-full size-full wp-image-432\" alt=\"\" srcset=\"https:\/\/colegiolamerced.edu.ar\/web\/wp-content\/uploads\/2024\/01\/IMG_6494.jpg 1433w, https:\/\/colegiolamerced.edu.ar\/web\/wp-content\/uploads\/2024\/01\/IMG_6494-200x300.jpg 200w, https:\/\/colegiolamerced.edu.ar\/web\/wp-content\/uploads\/2024\/01\/IMG_6494-683x1024.jpg 683w, https:\/\/colegiolamerced.edu.ar\/web\/wp-content\/uploads\/2024\/01\/IMG_6494-768x1152.jpg 768w, https:\/\/colegiolamerced.edu.ar\/web\/wp-content\/uploads\/2024\/01\/IMG_6494-1024x1536.jpg 1024w, https:\/\/colegiolamerced.edu.ar\/web\/wp-content\/uploads\/2024\/01\/IMG_6494-1365x2048.jpg 1365w\" sizes=\"(max-width: 1433px) 100vw, 1433px\" \/><\/div><\/a>\n\t\t\t\t<div class=\"elementor-post__text\">\n\t\t\t\t<h3 class=\"elementor-post__title\">\n\t\t\t<a href=\"https:\/\/colegiolamerced.edu.ar\/web\/comunicado-inicial\/\" >\n\t\t\t\tComunicado Inicial\t\t\t<\/a>\n\t\t<\/h3>\n\t\t\t\t<div class=\"elementor-post__excerpt\">\n\t\t\t<p>Pronto podr\u00e1s ver los comunicados que enviamos en esta secci\u00f3n. \u00a1Estate atento!<\/p>\n\t\t<\/div>\n\t\t\n\t\t<a class=\"elementor-post__read-more\" href=\"https:\/\/colegiolamerced.edu.ar\/web\/comunicado-inicial\/\" aria-label=\"Read more about Comunicado Inicial\" tabindex=\"-1\" >\n\t\t\tLeer m\u00e1s \u00bb\t\t<\/a>\n\n\t\t\t\t<\/div>\n\t\t\t\t<div class=\"elementor-post__meta-data\">\n\t\t\t\t\t<span class=\"elementor-post-date\">\n\t\t\t16\/04\/2024\t\t<\/span>\n\t\t\t\t<\/div>\n\t\t\t\t\t<\/div>\n\t\t<\/article>\n\t\t\t\t<article class=\"elementor-post elementor-grid-item post-273 post type-post status-publish format-standard has-post-thumbnail hentry category-nivel-primario\" role=\"listitem\">\n\t\t\t<div class=\"elementor-post__card\">\n\t\t\t\t<a class=\"elementor-post__thumbnail__link\" href=\"https:\/\/colegiolamerced.edu.ar\/web\/comunicado-1\/\" tabindex=\"-1\" ><div class=\"elementor-post__thumbnail\"><img decoding=\"async\" width=\"1707\" height=\"2560\" src=\"https:\/\/colegiolamerced.edu.ar\/web\/wp-content\/uploads\/2023\/12\/DSC_0677-scaled.jpg\" class=\"attachment-full size-full wp-image-190\" alt=\"\" srcset=\"https:\/\/colegiolamerced.edu.ar\/web\/wp-content\/uploads\/2023\/12\/DSC_0677-scaled.jpg 1707w, https:\/\/colegiolamerced.edu.ar\/web\/wp-content\/uploads\/2023\/12\/DSC_0677-200x300.jpg 200w, https:\/\/colegiolamerced.edu.ar\/web\/wp-content\/uploads\/2023\/12\/DSC_0677-683x1024.jpg 683w, https:\/\/colegiolamerced.edu.ar\/web\/wp-content\/uploads\/2023\/12\/DSC_0677-768x1152.jpg 768w, https:\/\/colegiolamerced.edu.ar\/web\/wp-content\/uploads\/2023\/12\/DSC_0677-1024x1536.jpg 1024w, https:\/\/colegiolamerced.edu.ar\/web\/wp-content\/uploads\/2023\/12\/DSC_0677-1365x2048.jpg 1365w\" sizes=\"(max-width: 1707px) 100vw, 1707px\" \/><\/div><\/a>\n\t\t\t\t<div class=\"elementor-post__text\">\n\t\t\t\t<h3 class=\"elementor-post__title\">\n\t\t\t<a href=\"https:\/\/colegiolamerced.edu.ar\/web\/comunicado-1\/\" >\n\t\t\t\tComunicado Primario\t\t\t<\/a>\n\t\t<\/h3>\n\t\t\t\t<div class=\"elementor-post__excerpt\">\n\t\t\t<p>LISTA DE MATERIALES 2025 VER LISTADO DE MATERIALES 2025<\/p>\n\t\t<\/div>\n\t\t\n\t\t<a class=\"elementor-post__read-more\" href=\"https:\/\/colegiolamerced.edu.ar\/web\/comunicado-1\/\" aria-label=\"Read more about Comunicado Primario\" tabindex=\"-1\" >\n\t\t\tLeer m\u00e1s \u00bb\t\t<\/a>\n\n\t\t\t\t<\/div>\n\t\t\t\t<div class=\"elementor-post__meta-data\">\n\t\t\t\t\t<span class=\"elementor-post-date\">\n\t\t\t24\/01\/2024\t\t<\/span>\n\t\t\t\t<\/div>\n\t\t\t\t\t<\/div>\n\t\t<\/article>\n\t\t\t\t<\/div>\n\t\t\n\t\t\t\t\t\t<\/div>\n\t\t\t\t<\/div>\n\t\t\t\t\t<\/div>\n\t\t\t\t<\/div>\n\t\t\t\t<\/div>\n\t\t","protected":false},"excerpt":{"rendered":"<p>NIVEL PRIMARIO Bienvenidos a la secci\u00f3n dedicada al Nivel Primario de nuestro colegio, donde el compromiso con la excelencia educativa se traduce en un entorno enriquecedor para nuestros estudiantes m\u00e1s j\u00f3venes. A trav\u00e9s de nuestro Proyecto Pedag\u00f3gico, buscamos cultivar el aprendizaje de manera din\u00e1mica, adapt\u00e1ndonos a las necesidades individuales de cada ni\u00f1o en esta etapa [&hellip;]<\/p>\n","protected":false},"author":1,"featured_media":0,"parent":0,"menu_order":0,"comment_status":"closed","ping_status":"closed","template":"","meta":{"site-sidebar-layout":"no-sidebar","site-content-layout":"","ast-site-content-layout":"full-width-container","site-content-style":"default","site-sidebar-style":"default","ast-global-header-display":"","ast-banner-title-visibility":"","ast-main-header-display":"","ast-hfb-above-header-display":"","ast-hfb-below-header-display":"","ast-hfb-mobile-header-display":"","site-post-title":"disabled","ast-breadcrumbs-content":"","ast-featured-img":"disabled","footer-sml-layout":"","theme-transparent-header-meta":"","adv-header-id-meta":"","stick-header-meta":"","header-above-stick-meta":"","header-main-stick-meta":"","header-below-stick-meta":"","astra-migrate-meta-layouts":"default","ast-page-background-enabled":"default","ast-page-background-meta":{"desktop":{"background-color":"var(--ast-global-color-4)","background-image":"","background-repeat":"repeat","background-position":"center center","background-size":"auto","background-attachment":"scroll","background-type":"","background-media":"","overlay-type":"","overlay-color":"","overlay-gradient":""},"tablet":{"background-color":"","background-image":"","background-repeat":"repeat","background-position":"center center","background-size":"auto","background-attachment":"scroll","background-type":"","background-media":"","overlay-type":"","overlay-color":"","overlay-gradient":""},"mobile":{"background-color":"","background-image":"","background-repeat":"repeat","background-position":"center center","background-size":"auto","background-attachment":"scroll","background-type":"","background-media":"","overlay-type":"","overlay-color":"","overlay-gradient":""}},"ast-content-background-meta":{"desktop":{"background-color":"var(--ast-global-color-5)","background-image":"","background-repeat":"repeat","background-position":"center center","background-size":"auto","background-attachment":"scroll","background-type":"","background-media":"","overlay-type":"","overlay-color":"","overlay-gradient":""},"tablet":{"background-color":"var(--ast-global-color-5)","background-image":"","background-repeat":"repeat","background-position":"center center","background-size":"auto","background-attachment":"scroll","background-type":"","background-media":"","overlay-type":"","overlay-color":"","overlay-gradient":""},"mobile":{"background-color":"var(--ast-global-color-5)","background-image":"","background-repeat":"repeat","background-position":"center center","background-size":"auto","background-attachment":"scroll","background-type":"","background-media":"","overlay-type":"","overlay-color":"","overlay-gradient":""}},"footnotes":""},"class_list":["post-365","page","type-page","status-publish","hentry"],"yoast_head":"<!-- This site is optimized with the Yoast SEO plugin v22.4 - https:\/\/yoast.com\/wordpress\/plugins\/seo\/ -->\n<title>Nivel Primario - Colegio La merced<\/title>\n<meta name=\"robots\" content=\"index, follow, max-snippet:-1, max-image-preview:large, max-video-preview:-1\" \/>\n<link rel=\"canonical\" href=\"https:\/\/colegiolamerced.edu.ar\/web\/nivel-primario\/\" \/>\n<meta property=\"og:locale\" content=\"es_ES\" \/>\n<meta property=\"og:type\" content=\"article\" \/>\n<meta property=\"og:title\" content=\"Nivel Primario - Colegio La merced\" \/>\n<meta property=\"og:description\" content=\"NIVEL PRIMARIO Bienvenidos a la secci\u00f3n dedicada al Nivel Primario de nuestro colegio, donde el compromiso con la excelencia educativa se traduce en un entorno enriquecedor para nuestros estudiantes m\u00e1s j\u00f3venes. A trav\u00e9s de nuestro Proyecto Pedag\u00f3gico, buscamos cultivar el aprendizaje de manera din\u00e1mica, adapt\u00e1ndonos a las necesidades individuales de cada ni\u00f1o en esta etapa [&hellip;]\" \/>\n<meta property=\"og:url\" content=\"https:\/\/colegiolamerced.edu.ar\/web\/nivel-primario\/\" \/>\n<meta property=\"og:site_name\" content=\"Colegio La merced\" \/>\n<meta property=\"article:modified_time\" content=\"2025-03-18T19:31:10+00:00\" \/>\n<meta property=\"og:image\" content=\"https:\/\/colegiolamerced.edu.ar\/web\/wp-content\/uploads\/2024\/01\/IMG_6603.jpg\" \/>\n<meta name=\"twitter:card\" content=\"summary_large_image\" \/>\n<meta name=\"twitter:label1\" content=\"Tiempo de lectura\" \/>\n\t<meta name=\"twitter:data1\" content=\"5 minutos\" \/>\n<script type=\"application\/ld+json\" class=\"yoast-schema-graph\">{\"@context\":\"https:\/\/schema.org\",\"@graph\":[{\"@type\":\"WebPage\",\"@id\":\"https:\/\/colegiolamerced.edu.ar\/web\/nivel-primario\/\",\"url\":\"https:\/\/colegiolamerced.edu.ar\/web\/nivel-primario\/\",\"name\":\"Nivel Primario - Colegio La merced\",\"isPartOf\":{\"@id\":\"https:\/\/wordpress-186467-4141383.cloudwaysapps.com\/#website\"},\"primaryImageOfPage\":{\"@id\":\"https:\/\/colegiolamerced.edu.ar\/web\/nivel-primario\/#primaryimage\"},\"image\":{\"@id\":\"https:\/\/colegiolamerced.edu.ar\/web\/nivel-primario\/#primaryimage\"},\"thumbnailUrl\":\"https:\/\/colegiolamerced.edu.ar\/web\/wp-content\/uploads\/2024\/01\/IMG_6603.jpg\",\"datePublished\":\"2024-01-30T21:58:00+00:00\",\"dateModified\":\"2025-03-18T19:31:10+00:00\",\"breadcrumb\":{\"@id\":\"https:\/\/colegiolamerced.edu.ar\/web\/nivel-primario\/#breadcrumb\"},\"inLanguage\":\"es-AR\",\"potentialAction\":[{\"@type\":\"ReadAction\",\"target\":[\"https:\/\/colegiolamerced.edu.ar\/web\/nivel-primario\/\"]}]},{\"@type\":\"ImageObject\",\"inLanguage\":\"es-AR\",\"@id\":\"https:\/\/colegiolamerced.edu.ar\/web\/nivel-primario\/#primaryimage\",\"url\":\"https:\/\/colegiolamerced.edu.ar\/web\/wp-content\/uploads\/2024\/01\/IMG_6603.jpg\",\"contentUrl\":\"https:\/\/colegiolamerced.edu.ar\/web\/wp-content\/uploads\/2024\/01\/IMG_6603.jpg\"},{\"@type\":\"BreadcrumbList\",\"@id\":\"https:\/\/colegiolamerced.edu.ar\/web\/nivel-primario\/#breadcrumb\",\"itemListElement\":[{\"@type\":\"ListItem\",\"position\":1,\"name\":\"Inicio\",\"item\":\"https:\/\/colegiolamerced.edu.ar\/web\/\"},{\"@type\":\"ListItem\",\"position\":2,\"name\":\"Nivel Primario\"}]},{\"@type\":\"WebSite\",\"@id\":\"https:\/\/wordpress-186467-4141383.cloudwaysapps.com\/#website\",\"url\":\"https:\/\/wordpress-186467-4141383.cloudwaysapps.com\/\",\"name\":\"Colegio La merced\",\"description\":\"\",\"potentialAction\":[{\"@type\":\"SearchAction\",\"target\":{\"@type\":\"EntryPoint\",\"urlTemplate\":\"https:\/\/wordpress-186467-4141383.cloudwaysapps.com\/?s={search_term_string}\"},\"query-input\":\"required name=search_term_string\"}],\"inLanguage\":\"es-AR\"}]}<\/script>\n<!-- \/ Yoast SEO plugin. -->","yoast_head_json":{"title":"Nivel Primario - Colegio La merced","robots":{"index":"index","follow":"follow","max-snippet":"max-snippet:-1","max-image-preview":"max-image-preview:large","max-video-preview":"max-video-preview:-1"},"canonical":"https:\/\/colegiolamerced.edu.ar\/web\/nivel-primario\/","og_locale":"es_ES","og_type":"article","og_title":"Nivel Primario - Colegio La merced","og_description":"NIVEL PRIMARIO Bienvenidos a la secci\u00f3n dedicada al Nivel Primario de nuestro colegio, donde el compromiso con la excelencia educativa se traduce en un entorno enriquecedor para nuestros estudiantes m\u00e1s j\u00f3venes. A trav\u00e9s de nuestro Proyecto Pedag\u00f3gico, buscamos cultivar el aprendizaje de manera din\u00e1mica, adapt\u00e1ndonos a las necesidades individuales de cada ni\u00f1o en esta etapa [&hellip;]","og_url":"https:\/\/colegiolamerced.edu.ar\/web\/nivel-primario\/","og_site_name":"Colegio La merced","article_modified_time":"2025-03-18T19:31:10+00:00","og_image":[{"url":"https:\/\/colegiolamerced.edu.ar\/web\/wp-content\/uploads\/2024\/01\/IMG_6603.jpg"}],"twitter_card":"summary_large_image","twitter_misc":{"Tiempo de lectura":"5 minutos"},"schema":{"@context":"https:\/\/schema.org","@graph":[{"@type":"WebPage","@id":"https:\/\/colegiolamerced.edu.ar\/web\/nivel-primario\/","url":"https:\/\/colegiolamerced.edu.ar\/web\/nivel-primario\/","name":"Nivel Primario - Colegio La merced","isPartOf":{"@id":"https:\/\/wordpress-186467-4141383.cloudwaysapps.com\/#website"},"primaryImageOfPage":{"@id":"https:\/\/colegiolamerced.edu.ar\/web\/nivel-primario\/#primaryimage"},"image":{"@id":"https:\/\/colegiolamerced.edu.ar\/web\/nivel-primario\/#primaryimage"},"thumbnailUrl":"https:\/\/colegiolamerced.edu.ar\/web\/wp-content\/uploads\/2024\/01\/IMG_6603.jpg","datePublished":"2024-01-30T21:58:00+00:00","dateModified":"2025-03-18T19:31:10+00:00","breadcrumb":{"@id":"https:\/\/colegiolamerced.edu.ar\/web\/nivel-primario\/#breadcrumb"},"inLanguage":"es-AR","potentialAction":[{"@type":"ReadAction","target":["https:\/\/colegiolamerced.edu.ar\/web\/nivel-primario\/"]}]},{"@type":"ImageObject","inLanguage":"es-AR","@id":"https:\/\/colegiolamerced.edu.ar\/web\/nivel-primario\/#primaryimage","url":"https:\/\/colegiolamerced.edu.ar\/web\/wp-content\/uploads\/2024\/01\/IMG_6603.jpg","contentUrl":"https:\/\/colegiolamerced.edu.ar\/web\/wp-content\/uploads\/2024\/01\/IMG_6603.jpg"},{"@type":"BreadcrumbList","@id":"https:\/\/colegiolamerced.edu.ar\/web\/nivel-primario\/#breadcrumb","itemListElement":[{"@type":"ListItem","position":1,"name":"Inicio","item":"https:\/\/colegiolamerced.edu.ar\/web\/"},{"@type":"ListItem","position":2,"name":"Nivel Primario"}]},{"@type":"WebSite","@id":"https:\/\/wordpress-186467-4141383.cloudwaysapps.com\/#website","url":"https:\/\/wordpress-186467-4141383.cloudwaysapps.com\/","name":"Colegio La merced","description":"","potentialAction":[{"@type":"SearchAction","target":{"@type":"EntryPoint","urlTemplate":"https:\/\/wordpress-186467-4141383.cloudwaysapps.com\/?s={search_term_string}"},"query-input":"required name=search_term_string"}],"inLanguage":"es-AR"}]}},"_links":{"self":[{"href":"https:\/\/colegiolamerced.edu.ar\/web\/wp-json\/wp\/v2\/pages\/365","targetHints":{"allow":["GET"]}}],"collection":[{"href":"https:\/\/colegiolamerced.edu.ar\/web\/wp-json\/wp\/v2\/pages"}],"about":[{"href":"https:\/\/colegiolamerced.edu.ar\/web\/wp-json\/wp\/v2\/types\/page"}],"author":[{"embeddable":true,"href":"https:\/\/colegiolamerced.edu.ar\/web\/wp-json\/wp\/v2\/users\/1"}],"replies":[{"embeddable":true,"href":"https:\/\/colegiolamerced.edu.ar\/web\/wp-json\/wp\/v2\/comments?post=365"}],"version-history":[{"count":79,"href":"https:\/\/colegiolamerced.edu.ar\/web\/wp-json\/wp\/v2\/pages\/365\/revisions"}],"predecessor-version":[{"id":1439,"href":"https:\/\/colegiolamerced.edu.ar\/web\/wp-json\/wp\/v2\/pages\/365\/revisions\/1439"}],"wp:attachment":[{"href":"https:\/\/colegiolamerced.edu.ar\/web\/wp-json\/wp\/v2\/media?parent=365"}],"curies":[{"name":"wp","href":"https:\/\/api.w.org\/{rel}","templated":true}]}}